{"id":75,"date":"2024-01-29T21:56:08","date_gmt":"2024-01-29T21:56:08","guid":{"rendered":"http:\/\/www.ilkcev.org.tr\/?page_id=75"},"modified":"2025-02-17T14:36:13","modified_gmt":"2025-02-17T14:36:13","slug":"hakkimizda-2","status":"publish","type":"page","link":"http:\/\/www.ilkcev.org.tr\/?page_id=75","title":{"rendered":"HAKKIMIZDA"},"content":{"rendered":"<p><strong>M\u0130SYONUMUZ<\/strong><\/p>\n<p>Gen\u00e7 ve \u00e7ocuklar\u0131m\u0131z\u0131n; \u00e7a\u011fda\u015f anlamda bedensel ve zihinsel spor anlay\u0131\u015f\u0131n\u0131 ve ahlak\u0131n\u0131 geli\u015ftirici \u00e7al\u0131\u015fmalarla, sa\u011fl\u0131kl\u0131, g\u00fczel ahlakl\u0131 ve yetenekli sporcular yeti\u015ftirmek; bilgi ve beceri y\u00f6n\u00fcnden \u00e7a\u011f\u0131m\u0131z\u0131n gereklerine g\u00f6re donat\u0131lm\u0131\u015f, milli, ahlaki ve evrensel de\u011ferlere ba\u011fl\u0131, \u00e7evreye duyarl\u0131, \u00fcst\u00fcn vas\u0131fl\u0131, e\u011fitimli, k\u00fclt\u00fcrl\u00fc ve g\u00f6rg\u00fcl\u00fc bireyler olarak yeti\u015fmesine katk\u0131da bulunmak. \u0130zcilik ile fikirce uyan\u0131k, ahlak\u00e7a d\u00fcr\u00fcst ve bedence sa\u011flam bireyler yeti\u015ftirmek. \u0130nsanlar\u0131n kar\u015f\u0131l\u0131kl\u0131 sevgi ve sayg\u0131 duygular\u0131yla, birlik ve beraberlik i\u00e7inde ya\u015famas\u0131na; mutlu, huzurlu ve g\u00fcvenli olmalar\u0131n\u0131 sa\u011flamaya y\u00f6nelik her t\u00fcrl\u00fc sosyal \u00e7al\u0131\u015fma ile \u00e7evre ve k\u00fclt\u00fcre duyarl\u0131, milli k\u00fclt\u00fcr ve ahlak sahibi bireylerden meydana gelen bir toplumun olu\u015fmas\u0131na katk\u0131da bulunmak.<\/p>\n<p><strong>V\u0130ZYONUMUZ<\/strong><\/p>\n<p>Yeti\u015ftirece\u011fimiz gen\u00e7 ve \u00e7ocuklar\u0131m\u0131z\u0131n, toplumda s\u00f6z sahibi, sa\u011fduyulu bireyler olmas\u0131n\u0131 sa\u011flayarak, ya\u015fanabilir, bar\u0131\u015f, sevgi ve karde\u015flikle dolu bir d\u00fcnya olu\u015fturmak. Bu sayede sa\u011fduyulu toplumun temellerini at\u0131p yeti\u015fmesini sa\u011flayan d\u00fcnyan\u0131n \u00f6nde gelen sivil toplum kurulu\u015flar\u0131ndan biri haline gelmek.<\/p>\n<p>&nbsp;<\/p>\n<p>&nbsp;<\/p>\n<p><strong>Gebze \u0130LK\u00c7EV Spor Kul\u00fcb\u00fc\u00a0<\/strong><\/p>\n","protected":false},"excerpt":{"rendered":"<p>M\u0130SYONUMUZ Gen\u00e7 ve \u00e7ocuklar\u0131m\u0131z\u0131n; \u00e7a\u011fda\u015f anlamda bedensel ve zihinsel spor anlay\u0131\u015f\u0131n\u0131 ve ahlak\u0131n\u0131 geli\u015ftirici \u00e7al\u0131\u015fmalarla, sa\u011fl\u0131kl\u0131, g\u00fczel ahlakl\u0131 ve yetenekli sporcular yeti\u015ftirmek; bilgi ve beceri y\u00f6n\u00fcnden \u00e7a\u011f\u0131m\u0131z\u0131n gereklerine<\/p>\n","protected":false},"author":1,"featured_media":0,"parent":0,"menu_order":0,"comment_status":"closed","ping_status":"closed","template":"","meta":{"footnotes":""},"_links":{"self":[{"href":"http:\/\/www.ilkcev.org.tr\/index.php?rest_route=\/wp\/v2\/pages\/75"}],"collection":[{"href":"http:\/\/www.ilkcev.org.tr\/index.php?rest_route=\/wp\/v2\/pages"}],"about":[{"href":"http:\/\/www.ilkcev.org.tr\/index.php?rest_route=\/wp\/v2\/types\/page"}],"author":[{"embeddable":true,"href":"http:\/\/www.ilkcev.org.tr\/index.php?rest_route=\/wp\/v2\/users\/1"}],"replies":[{"embeddable":true,"href":"http:\/\/www.ilkcev.org.tr\/index.php?rest_route=%2Fwp%2Fv2%2Fcomments&post=75"}],"version-history":[{"count":5,"href":"http:\/\/www.ilkcev.org.tr\/index.php?rest_route=\/wp\/v2\/pages\/75\/revisions"}],"predecessor-version":[{"id":288,"href":"http:\/\/www.ilkcev.org.tr\/index.php?rest_route=\/wp\/v2\/pages\/75\/revisions\/288"}],"wp:attachment":[{"href":"http:\/\/www.ilkcev.org.tr\/index.php?rest_route=%2Fwp%2Fv2%2Fmedia&parent=75"}],"curies":[{"name":"wp","href":"https:\/\/api.w.org\/{rel}","templated":true}]}}